{"id":430,"date":"2024-12-05T16:04:05","date_gmt":"2024-12-05T15:04:05","guid":{"rendered":"https:\/\/agnesstevenin.com\/?page_id=430"},"modified":"2025-02-05T18:02:13","modified_gmt":"2025-02-05T17:02:13","slug":"livre-les-enfants-des-etoiles","status":"publish","type":"page","link":"https:\/\/agnesstevenin.com\/index.php\/livre-les-enfants-des-etoiles\/","title":{"rendered":"Livre: Les Enfants des \u00e9toiles"},"content":{"rendered":"\n<div class=\"wp-block-image\"><figure class=\"aligncenter size-large is-resized\"><img loading=\"lazy\" src=\"https:\/\/agnesstevenin.com\/wp-content\/uploads\/2024\/12\/3D-LES-ENFANTS-DES-ETOILES-.png\" alt=\"\" class=\"wp-image-431\" width=\"284\" height=\"324\" srcset=\"https:\/\/agnesstevenin.com\/wp-content\/uploads\/2024\/12\/3D-LES-ENFANTS-DES-ETOILES-.png 827w, https:\/\/agnesstevenin.com\/wp-content\/uploads\/2024\/12\/3D-LES-ENFANTS-DES-ETOILES--263x300.png 263w, https:\/\/agnesstevenin.com\/wp-content\/uploads\/2024\/12\/3D-LES-ENFANTS-DES-ETOILES--768x878.png 768w\" sizes=\"(max-width: 284px) 100vw, 284px\" \/><\/figure><\/div>\n\n\n\n<figure class=\"wp-block-image size-large\"><img loading=\"lazy\" width=\"735\" height=\"1024\" src=\"https:\/\/agnesstevenin.com\/wp-content\/uploads\/2024\/12\/IMG_0655-735x1024.jpg\" alt=\"\" class=\"wp-image-436\" srcset=\"https:\/\/agnesstevenin.com\/wp-content\/uploads\/2024\/12\/IMG_0655-735x1024.jpg 735w, https:\/\/agnesstevenin.com\/wp-content\/uploads\/2024\/12\/IMG_0655-215x300.jpg 215w, https:\/\/agnesstevenin.com\/wp-content\/uploads\/2024\/12\/IMG_0655-768x1069.jpg 768w, https:\/\/agnesstevenin.com\/wp-content\/uploads\/2024\/12\/IMG_0655.jpg 828w\" sizes=\"(max-width: 735px) 100vw, 735px\" \/><\/figure>\n\n\n\n<h2><strong>ENFANTS DES ETOILES\u00a0: Interviews<\/strong><\/h2>\n\n\n\n<figure class=\"wp-block-embed aligncenter is-type-video is-provider-youtube wp-block-embed-youtube wp-embed-aspect-16-9 wp-has-aspect-ratio\"><div class=\"wp-block-embed__wrapper\">\n<iframe title=\"Les enfants des \u00e9toiles - Avec Agn\u00e8s St\u00e9venin\" width=\"1140\" height=\"641\" src=\"https:\/\/www.youtube.com\/embed\/JVH34ZejrNM?feature=oembed\" frameborder=\"0\" allow=\"accelerometer; autoplay; clipboard-write; encrypted-media; gyroscope; picture-in-picture; web-share\" referrerpolicy=\"strict-origin-when-cross-origin\" allowfullscreen><\/iframe>\n<\/div><\/figure>\n\n\n\n<p>Avec Sidney Tegbo pour Rayonnances TV<\/p>\n\n\n\n<figure class=\"wp-block-embed is-type-video is-provider-youtube wp-block-embed-youtube wp-embed-aspect-16-9 wp-has-aspect-ratio\"><div class=\"wp-block-embed__wrapper\">\n<iframe title=\"Les enfants des \u00e9toiles par Agn\u00e8s Stevenin\" width=\"1140\" height=\"641\" src=\"https:\/\/www.youtube.com\/embed\/r6RJe9vdJcY?feature=oembed\" frameborder=\"0\" allow=\"accelerometer; autoplay; clipboard-write; encrypted-media; gyroscope; picture-in-picture; web-share\" referrerpolicy=\"strict-origin-when-cross-origin\" allowfullscreen><\/iframe>\n<\/div><\/figure>\n\n\n\n<p>Avec Didier Santiago pour Kurious Anima: Agn\u00e8s Stevenin et les Enfants des Etoiles<\/p>\n\n\n\n<figure class=\"wp-block-embed is-type-video is-provider-youtube wp-block-embed-youtube wp-embed-aspect-16-9 wp-has-aspect-ratio\"><div class=\"wp-block-embed__wrapper\">\n<iframe title=\"\u00c9nergies, Gu\u00e9rison et Enfants des \u00c9toiles (ft. Agn\u00e8s Stevenin)\" width=\"1140\" height=\"641\" src=\"https:\/\/www.youtube.com\/embed\/L-uF9Hu9z-8?feature=oembed\" frameborder=\"0\" allow=\"accelerometer; autoplay; clipboard-write; encrypted-media; gyroscope; picture-in-picture; web-share\" referrerpolicy=\"strict-origin-when-cross-origin\" allowfullscreen><\/iframe>\n<\/div><\/figure>\n\n\n\n<p>Conf\u00e9rence Forum des M\u00e9decines de l\u2019Ame\u00a0: Energies, Gu\u00e9rison, et Enfants des Etoiles<\/p>\n\n\n\n<figure class=\"wp-block-embed is-type-video is-provider-youtube wp-block-embed-youtube wp-embed-aspect-16-9 wp-has-aspect-ratio\"><div class=\"wp-block-embed__wrapper\">\n<iframe title=\"Guidances stellaires, avec Agn\u00e8s Stevenin\" width=\"1140\" height=\"641\" src=\"https:\/\/www.youtube.com\/embed\/rbyDCOozbPQ?feature=oembed\" frameborder=\"0\" allow=\"accelerometer; autoplay; clipboard-write; encrypted-media; gyroscope; picture-in-picture; web-share\" referrerpolicy=\"strict-origin-when-cross-origin\" allowfullscreen><\/iframe>\n<\/div><\/figure>\n\n\n\n<p>APPRENTIES SORCIERES\u00a0<em>Julie Destouches<\/em> Guidance stellaires<\/p>\n\n\n\n<figure class=\"wp-block-embed is-type-video is-provider-youtube wp-block-embed-youtube wp-embed-aspect-16-9 wp-has-aspect-ratio\"><div class=\"wp-block-embed__wrapper\">\n<iframe title=\"Et si on parlait de conscience Extra Terrestre?\" width=\"1140\" height=\"641\" src=\"https:\/\/www.youtube.com\/embed\/AUshrqZVHl8?feature=oembed\" frameborder=\"0\" allow=\"accelerometer; autoplay; clipboard-write; encrypted-media; gyroscope; picture-in-picture; web-share\" referrerpolicy=\"strict-origin-when-cross-origin\" allowfullscreen><\/iframe>\n<\/div><\/figure>\n\n\n\n<p>avec Sandrine de Montfort pour SandSab&nbsp;: Et si on parlait de conscience Extra Terrestre&nbsp;?<\/p>\n\n\n\n<figure class=\"wp-block-embed is-type-video is-provider-youtube wp-block-embed-youtube wp-embed-aspect-16-9 wp-has-aspect-ratio\"><div class=\"wp-block-embed__wrapper\">\n<iframe title=\"Agn\u00e8s Stevenin : R\u00e9v\u00e9lations sur les Enfants des \u00c9toiles\" width=\"1140\" height=\"641\" src=\"https:\/\/www.youtube.com\/embed\/RPfYMviqqUQ?start=170&#038;feature=oembed\" frameborder=\"0\" allow=\"accelerometer; autoplay; clipboard-write; encrypted-media; gyroscope; picture-in-picture; web-share\" referrerpolicy=\"strict-origin-when-cross-origin\" allowfullscreen><\/iframe>\n<\/div><\/figure>\n\n\n\n<p>avec Gilles Gandy de M\u00e9decine symbolique&nbsp;: R\u00e9v\u00e9lations sur les Enfants des Etoiles<\/p>\n\n\n\n<h2><strong>QUELQUES RETOURS SUR LES ENFANTS DES ETOILES<\/strong><\/h2>\n\n\n\n<p>\u00ab&nbsp;Je tenais \u00e0 te dire \u00e0 quel point j\u2019ai appr\u00e9ci\u00e9 ton dernier livre \u00ab&nbsp;Les enfants des \u00e9toiles&nbsp;\u00bb.C\u2019est extraordinaire ce que tu apportes, car ce sont des informations in\u00e9dites, qui peuvent paraitre totalement incroyables, et pourtant tellement \u00e9clairantes pour ceux et celles qui s\u2019y reconnaissent. Le fait de souligner le courage de ces \u00e2mes apportera j\u2019en suis s\u00fbre un grand r\u00e9confort \u00e0 beaucoup de ceux qui souvent, comme tu le soulignes, souffrent beaucoup.&nbsp;Sophie Guedj Metthey<\/p>\n\n\n\n<p>\u00ab&nbsp;Je n&#8217;ai pas lu votre livre en r\u00e9alit\u00e9 : je l&#8217;ai aval\u00e9 tout cru, englouti, d\u00e9vor\u00e9, absorb\u00e9, fait mien en un instant. Chaque mot est une v\u00e9rit\u00e9 puissante et absolue qui me ram\u00e8ne&nbsp;\u00e0 la maison, me console, me rass\u00e9r\u00e8ne, m&#8217;apaise, me rassure,&nbsp;m&#8217;assure,&nbsp;m&#8217;enthousiasme, me donne de l&#8217;\u00e9lan, m&#8217;\u00e9claire,&nbsp;m&#8217;ouvre,&nbsp;m&#8217;\u00e9merveille, tout \u00e7a \u00e0 la fois et au m\u00eame moment. Les Enfants des \u00e9toiles m&#8217;a nourrie, vous ne pouvez pas imaginer.&nbsp;Si je sais depuis toujours \u00eatre&nbsp;un &#8220;\u00eatre \u00e0 part&#8221;, depuis la s\u00e9ance que nous avons eue ensemble en 2022 j&#8217;en sais plus sur ce \u00e0 quoi je ressemble v\u00e9ritablement (en plus \u00e7a a l&#8217;air d&#8217;\u00eatre canon ces \u00eatres en or ! Ils doivent avoir des capacit\u00e9s alchimiques incroyables). Votre livre n&#8217;est pas qu&#8217;information utile et globale (merci pour cela !), il permet aussi des retrouvailles int\u00e9rieures profondes et extraordinaires. De cette conscience \u00e9largie et ces retrouvailles sort une joie immense, magnifique. Une renaissance. Merci Agn\u00e8s !&nbsp;\u00bb<\/p>\n\n\n\n<p>\u00ab&nbsp;Je lis ton livre&nbsp;les&nbsp;enfants des \u00e9toiles. Plus j\u2019avance dans ma lecture, plus mon \u00eatre s\u2019enthousiasme. Merci infiniment pour ce partage d\u2019exp\u00e9riences si riche d\u2019enseignements. Si j\u2019avais des doutes quant \u00e0 certaines de mes perceptions, il n\u2019en est plus rien. Au-del\u00e0 de donner du cr\u00e9dit \u00e0 mes \u00ab&nbsp;visions&nbsp;\u00bb ton t\u00e9moignage, tes exp\u00e9riences sont&nbsp;extr\u00eamement \u00e9difiantes et gages de compr\u00e9hensions, je per\u00e7ois mieux ce qui se pr\u00e9sente&nbsp;\u00e0 moi pendant les soins&nbsp;: ce qui entoure et ceux qui entourent les personnes qui viennent \u00e0 moi&nbsp;; mes mains que je per\u00e7ois&nbsp;miennes mais si diff\u00e9rentes.&nbsp;Je te suis infiniment reconnaissante pour cette clart\u00e9 qui me permet de m\u2019ouvrir sur encore&nbsp;plus grand.&nbsp;\u00bb<\/p>\n\n\n\n<p>\u00ab&nbsp;Votre livre m\u2019a beaucoup int\u00e9ress\u00e9 et continue de beaucoup m&#8217;int\u00e9resser, me questionner par, notamment, toutes les r\u00e9flexions qu\u2019il a \u00e9veill\u00e9es et \u00e9veille encore en moi au sujet notamment des extra-terrestres et des premiers hommes.&nbsp;Je vous en remercie donc car il me pousse un peu plus dans mes retranchements et m\u2019invite par l\u00e0 m\u00eame \u00e0 davantage d\u2019ouverture, au questionnement.&nbsp;Je voulais juste vous dire cela car la marche est haute entre vos pr\u00e9c\u00e9dents livres et celui-l\u00e0 : votre Petit livre d\u00e9pote en effet. Et il pourrait d\u00e9boussoler &#8211; avoir d\u00e9boussol\u00e9 &#8211; certains de vos lecteurs\/lectrices. Je voulais t\u00e9moigner du fait qu\u2019il peut en inspirer certains, profond\u00e9ment.&nbsp;\u00bb<\/p>\n\n\n\n<p>\u00ab&nbsp;J&#8217;ai achet\u00e9 votre dernier livre &#8216; les Enfants des \u00e9toiles &#8216;&#8230; et je l\u2019ai d\u00e9vor\u00e9 en trois heures !&nbsp;J&#8217;y ai trouv\u00e9 un \u00e9cho venant r\u00e9pondre \u00e0 un appel imm\u00e9morial, le&nbsp;rappel d&#8217;un savoir int\u00e9rieur endormi (mais jamais totalement). L&#8217;explication de tant de pressentiments : des r\u00e9ponses simples, claires, lumineuses aux questionnements qui sont les miens depuis toujours : mais qu&#8217;est-ce que je fais l\u00e0 ? pourquoi est-ce que je me sens si diff\u00e9rent de mes cong\u00e9n\u00e8res ? pourquoi leurs pr\u00e9occupations me semblent-elles si mesquines, superficielles, d\u00e9nu\u00e9es de sens ?&nbsp;\u00bb<\/p>\n\n\n\n<p>\u00ab&nbsp;Lire votre livre, c\u2019est comme recevoir un soin. J\u2019ai r\u00e9sist\u00e9 quelques semaines, le livre sur ma table de nuit,&nbsp;attendant le bon moment, surtout me r\u00e9jouissant du bon moment ! D\u00e8s les premi\u00e8res pages, des larmes se mettent \u00e0 couler et ce, tout au long de la lecture. Des larmes de soulagement. Je suis \u00e9tourdie et ressourc\u00e9e \u00e0 la fois. Lorsque j\u2019ai termin\u00e9 votre livre, je l\u2019ai gliss\u00e9 sous mon oreiller pour dormir : je voulais continuer \u00e0 ressentir les mots, les vibrations.&nbsp;\u00bb<\/p>\n\n\n\n<p>\u00ab&nbsp;Bonjour Agn\u00e8s, je suis venue vous voir il y a de cela 3 ans je dirais, \u00e0 l&#8217;\u00e9poque j&#8217;\u00e9tais heureuse de vous avoir crois\u00e9e car je me sentais comprise quand je parlais. Au cours de la s\u00e9ance vous m&#8217;aviez indiqu\u00e9 que je viens de tr\u00e8s loin. Je n&#8217;\u00e9tais pas surprise mais pendant les mois qui ont suivi je ne voulais pas conscientiser cette information, car dans ce monde-ci il est difficile d&#8217;oser se reconna\u00eetre. Peur des cons\u00e9quences. Mais je vous avais dit que je savais que j&#8217;avais une famille de lumi\u00e8re que je surnommais ma famille de feu. Je viens d&#8217;acheter votre livre et \u00e0 la lecture des premiers mots je me suis mise \u00e0 pleurer. M\u00e9lange de soulagement et de tristesse. Je pense d&#8217;ailleurs que vous l&#8217;avez entre-autres \u00e9crit pour les gens comme moi, pour qu&#8217;une reconnexion soit possible, enfin, gr\u00e2ce \u00e0 la lecture. Vous avez \u00e9t\u00e9 tr\u00e8s courageuse de le faire et en m\u00eame temps ce livre est indispensable pour ouvrir ce chemin. Ceux qui vous inspirent savent parfaitement ce qu&#8217;ils font.&nbsp;\u00bb<\/p>\n\n\n\n<p>\u00ab&nbsp;Je viens de terminer votre dernier livre. J&#8217;en suis totalement boulevers\u00e9e. Nous nous sommes d\u00e9j\u00e0 rencontr\u00e9es en septembre 2022, pour une s\u00e9ance.&nbsp;Lors de notre rendez-vous, vous aviez \u00e9voqu\u00e9 mon origine stellaire pl\u00e9iadienne ainsi que des t\u00e9l\u00e9chargements de vies pour m&#8217;aider \u00e0 supporter les vies r\u00e9ellement v\u00e9cues (pour aller tr\u00e8s loin dans le sombre). Je me souviens que vous aviez not\u00e9 cette derni\u00e8re info car c&#8217;\u00e9tait la premi\u00e8re fois que vous en &#8220;voyiez&#8221; par vous-m\u00eame&#8230; et que vous pr\u00e9pariez un nouveau livre. Je l&#8217;ai achet\u00e9 d\u00e8s que j&#8217;ai eu l&#8217;info de sa sortie. Il m&#8217;a profond\u00e9ment boulevers\u00e9e. J&#8217;ai du mal \u00e0 &#8220;revenir&#8221; tant la r\u00e9sonnance est forte. Le chapitre sur V\u00e9ronique m&#8217;a fait craquer compl\u00e8tement, j&#8217;ai ressenti un appel \u00e0 me reconnecter \u00e0 mes origines. Merci d&#8217;avoir \u00e9crit ce livre merveilleux qui r\u00e9sonne tant pour moi.&nbsp;\u00bb<\/p>\n","protected":false},"excerpt":{"rendered":"<p>ENFANTS DES ETOILES\u00a0: Interviews Avec Sidney Tegbo pour Rayonnances TV Avec Didier Santiago pour Kurious Anima: Agn\u00e8s Stevenin et les Enfants des Etoiles Conf\u00e9rence Forum des M\u00e9decines de l\u2019Ame\u00a0: Energies, Gu\u00e9rison, et Enfants des Etoiles APPRENTIES SORCIERES\u00a0Julie Destouches Guidance stellaires &hellip; <a href=\"https:\/\/agnesstevenin.com\/index.php\/livre-les-enfants-des-etoiles\/\">Lire la suite\u00ad\u00ad<\/a><\/p>\n","protected":false},"author":1,"featured_media":0,"parent":0,"menu_order":0,"comment_status":"closed","ping_status":"closed","template":"","meta":[],"_links":{"self":[{"href":"https:\/\/agnesstevenin.com\/index.php\/wp-json\/wp\/v2\/pages\/430"}],"collection":[{"href":"https:\/\/agnesstevenin.com\/index.php\/wp-json\/wp\/v2\/pages"}],"about":[{"href":"https:\/\/agnesstevenin.com\/index.php\/wp-json\/wp\/v2\/types\/page"}],"author":[{"embeddable":true,"href":"https:\/\/agnesstevenin.com\/index.php\/wp-json\/wp\/v2\/users\/1"}],"replies":[{"embeddable":true,"href":"https:\/\/agnesstevenin.com\/index.php\/wp-json\/wp\/v2\/comments?post=430"}],"version-history":[{"count":9,"href":"https:\/\/agnesstevenin.com\/index.php\/wp-json\/wp\/v2\/pages\/430\/revisions"}],"predecessor-version":[{"id":450,"href":"https:\/\/agnesstevenin.com\/index.php\/wp-json\/wp\/v2\/pages\/430\/revisions\/450"}],"wp:attachment":[{"href":"https:\/\/agnesstevenin.com\/index.php\/wp-json\/wp\/v2\/media?parent=430"}],"curies":[{"name":"wp","href":"https:\/\/api.w.org\/{rel}","templated":true}]}}